{"id":2277,"date":"2014-07-21T15:59:54","date_gmt":"2014-07-21T15:59:54","guid":{"rendered":"https:\/\/steirer.live-website.com\/home"},"modified":"2025-05-05T15:34:54","modified_gmt":"2025-05-05T15:34:54","slug":"hochreiters-steirer-am-markt-muenchner-gastlichkeit-in-familientradition","status":"publish","type":"page","link":"https:\/\/steirerammarkt.de\/en","title":{"rendered":"Home"},"content":{"rendered":"\n<style type=\"text\/css\" data-created_by=\"avia_inline_auto\" id=\"style-css-av-29li2c-f7ce184b81fbcf311dc8235c20431b9f\">\n.avia-section.av-29li2c-f7ce184b81fbcf311dc8235c20431b9f{\nbackground-repeat:no-repeat;\nbackground-image:url(https:\/\/steirerammarkt.de\/wp-content\/uploads\/haus_hg.png);\nbackground-position:50% 0%;\nbackground-attachment:fixed;\n}\n.avia-section.av-29li2c-f7ce184b81fbcf311dc8235c20431b9f .av-section-color-overlay{\nopacity:0.4;\nbackground-color:#000000;\n}\n<\/style>\n<div id='av_section_1'  class='avia-section av-29li2c-f7ce184b81fbcf311dc8235c20431b9f main_color avia-section-default avia-no-border-styling  avia-builder-el-0  el_before_av_section  avia-builder-el-first  avia-full-stretch avia-bg-style-fixed av-section-color-overlay-active av-minimum-height av-minimum-height-100 av-height-100  av-section-with-video-bg av-section-mobile-video-disabled container_wrap sidebar_right'  data-section-bg-repeat='stretch' data-av_minimum_height_pc='100' data-av_min_height_opt='100' data-section-video-ratio='16:9'><div  class='avia-slideshow av_slideshow_obj-1-69f382fb59e81 avia-slideshow-featured av_slideshow avia-slide-slider av-slideshow-ui av-control-default av-slideshow-manual av-loop-once av-loop-manual-endless av-default-height-applied  av-section-video-bg avia-slideshow-1' data-slideshow-options=\"{&quot;animation&quot;:&quot;slide&quot;,&quot;autoplay&quot;:false,&quot;loop_autoplay&quot;:&quot;once&quot;,&quot;interval&quot;:5,&quot;loop_manual&quot;:&quot;manual-endless&quot;,&quot;autoplay_stopper&quot;:false,&quot;noNavigation&quot;:false,&quot;bg_slider&quot;:false,&quot;keep_padding&quot;:false,&quot;hoverpause&quot;:false,&quot;show_slide_delay&quot;:0}\"  itemprop=\"image\" itemscope=\"itemscope\" itemtype=\"https:\/\/schema.org\/ImageObject\" ><ul class='avia-slideshow-inner ' style='padding-bottom: 28.666666666667%;'><li  data-controls='disabled' data-mute='aviaTBaviaTBvideo_mute' data-loop='1' data-disable-autoplay=''  data-video-ratio='1.7777777777778' class='avia-slideshow-slide av_slideshow_obj-1-69f382fb59e81__0  av-video-slide  av-video-service-html5  av-hide-video-controls av-mute-video av-loop-video  av-single-slide slide-1 slide-odd'><div data-rel='slideshow-1' class='avia-slide-wrap '    itemprop=\"video\" itemtype=\"https:\/\/schema.org\/VideoObject\" ><div class='av-click-overlay'><\/div><video class='avia_video'  autoplay playsinline loop preload=\"metadata\" muted  id='player_2277_586843550_1724995328'><source src=\"https:\/\/steirerammarkt.de\/wp-content\/uploads\/video.mp4\" type=\"video\/mp4\" \/><\/video><div class=\"av-click-to-play-overlay\"><div class=\"avia_playpause_icon\"><\/div><\/div><\/div><\/li><\/ul><\/div><div class=\"av-section-color-overlay-wrap\"><div class=\"av-section-color-overlay\"><\/div><div class='container av-section-cont-open' ><main  role=\"main\" itemprop=\"mainContentOfPage\"  class='template-page content  av-content-small alpha units'><div class='post-entry post-entry-type-page post-entry-2277'><div class='entry-content-wrapper clearfix'>\n\n<style type=\"text\/css\" data-created_by=\"avia_inline_auto\" id=\"style-css-av-m7xp8mbf-6434b55785984487be19f1556ccd44e3\">\n.avia-image-container.av-m7xp8mbf-6434b55785984487be19f1556ccd44e3 img.avia_image{\nbox-shadow:none;\n}\n.avia-image-container.av-m7xp8mbf-6434b55785984487be19f1556ccd44e3 .av-image-caption-overlay-center{\ncolor:#ffffff;\n}\n<\/style>\n<div  class='avia-image-container av-m7xp8mbf-6434b55785984487be19f1556ccd44e3 av-styling- avia-align-center  avia-builder-el-1  el_before_av_codeblock  avia-builder-el-first '   itemprop=\"image\" itemscope=\"itemscope\" itemtype=\"https:\/\/schema.org\/ImageObject\" ><div class=\"avia-image-container-inner\"><div class=\"avia-image-overlay-wrap\"><img decoding=\"async\" fetchpriority=\"high\" class='wp-image-2357 avia-img-lazy-loading-not-2357 avia_image ' src=\"https:\/\/steirerammarkt.de\/wp-content\/uploads\/logo_hochreiters.png\" alt='' title=''  height=\"440\" width=\"700\"  itemprop=\"thumbnailUrl\" srcset=\"https:\/\/steirerammarkt.de\/wp-content\/uploads\/logo_hochreiters.png 700w, https:\/\/steirerammarkt.de\/wp-content\/uploads\/logo_hochreiters-300x189.png 300w\" sizes=\"(max-width: 700px) 100vw, 700px\" \/><\/div><\/div><\/div>\n\n<\/div><\/div><\/main><!-- close content main element --><\/div><\/div><\/div><div id='about'  class='avia-section av-l8fpdz-c1710e29b86a3e6b6f8eebae525adbe8 main_color avia-section-default avia-no-shadow  avia-builder-el-3  el_after_av_section  el_before_av_section  avia-bg-style-scroll container_wrap sidebar_right'  ><div class='container av-section-cont-open' ><div class='template-page content  av-content-small alpha units'><div class='post-entry post-entry-type-page post-entry-2277'><div class='entry-content-wrapper clearfix'>\n\n<style type=\"text\/css\" data-created_by=\"avia_inline_auto\" id=\"style-css-av-l2v8kf-0127ea1ff4464438bec368fb8bfd7972\">\n#top .av-special-heading.av-l2v8kf-0127ea1ff4464438bec368fb8bfd7972{\npadding-bottom:50px;\nfont-size:60px;\n}\nbody .av-special-heading.av-l2v8kf-0127ea1ff4464438bec368fb8bfd7972 .av-special-heading-tag .heading-char{\nfont-size:25px;\n}\n#top #wrap_all .av-special-heading.av-l2v8kf-0127ea1ff4464438bec368fb8bfd7972 .av-special-heading-tag{\nfont-size:60px;\n}\n.av-special-heading.av-l2v8kf-0127ea1ff4464438bec368fb8bfd7972 .av-subheading{\nfont-size:15px;\n}\n\n@media only screen and (min-width: 480px) and (max-width: 767px){ \n#top #wrap_all .av-special-heading.av-l2v8kf-0127ea1ff4464438bec368fb8bfd7972 .av-special-heading-tag{\nfont-size:0.8em;\n}\n}\n\n@media only screen and (max-width: 479px){ \n#top #wrap_all .av-special-heading.av-l2v8kf-0127ea1ff4464438bec368fb8bfd7972 .av-special-heading-tag{\nfont-size:0.8em;\n}\n}\n<\/style>\n<div  class='av-special-heading av-l2v8kf-0127ea1ff4464438bec368fb8bfd7972 av-special-heading-h2 blockquote modern-quote modern-centered  avia-builder-el-4  el_before_av_three_fifth  avia-builder-el-first  av-thin-font av-inherit-size'><h2 class='av-special-heading-tag'  itemprop=\"headline\"  >Welcome to <strong>Hochreiter\u2019s am Markt<\/strong>!<\/h2><div class='av-subheading av-subheading_below'><p>Munich hospitality in family tradition<\/p>\n<\/div><div class=\"special-heading-border\"><div class=\"special-heading-inner-border\"><\/div><\/div><\/div>\n<div class='flex_column_table av-kymvzz-e4e3b15bb99d8313e7d0c16024267b6a sc-av_three_fifth av-equal-height-column-flextable'>\n<style type=\"text\/css\" data-created_by=\"avia_inline_auto\" id=\"style-css-av-kymvzz-e4e3b15bb99d8313e7d0c16024267b6a\">\n.flex_column.av-kymvzz-e4e3b15bb99d8313e7d0c16024267b6a{\nbackground:url(https:\/\/steirerammarkt.de\/wp-content\/uploads\/ornament4.png) 50% 0% no-repeat scroll ;\n}\n<\/style>\n<div  class='flex_column av-kymvzz-e4e3b15bb99d8313e7d0c16024267b6a av_three_fifth  avia-builder-el-5  el_after_av_heading  el_before_av_two_fifth  first flex_column_table_cell av-equal-height-column av-align-top avia-full-stretch  '     ><p>\n<style type=\"text\/css\" data-created_by=\"avia_inline_auto\" id=\"style-css-av-kqnq1b-dea04c267d4ba429108c794b17f5fecc\">\n#top .av-special-heading.av-kqnq1b-dea04c267d4ba429108c794b17f5fecc{\npadding-bottom:20px;\n}\nbody .av-special-heading.av-kqnq1b-dea04c267d4ba429108c794b17f5fecc .av-special-heading-tag .heading-char{\nfont-size:25px;\n}\n.av-special-heading.av-kqnq1b-dea04c267d4ba429108c794b17f5fecc .av-subheading{\nfont-size:15px;\n}\n<\/style>\n<div  class='av-special-heading av-kqnq1b-dea04c267d4ba429108c794b17f5fecc av-special-heading-h2 blockquote modern-quote  avia-builder-el-6  el_before_av_textblock  avia-builder-el-first  av-thin-font'><h2 class='av-special-heading-tag'  itemprop=\"headline\"  >Bavarian <strong><span class='special_amp'>&#8220;<\/span>Gem\u00fctlichkeit<span class='special_amp'>&#8221;<\/span><\/strong><\/h2><div class='av-subheading av-subheading_below'><p>in the heart of Munich<\/p>\n<\/div><div class=\"special-heading-border\"><div class=\"special-heading-inner-border\"><\/div><\/div><\/div><br \/>\n<section  class='av_textblock_section av-kiyjn3-97ce17104122a5b6044f090866234c85 '   itemscope=\"itemscope\" itemtype=\"https:\/\/schema.org\/CreativeWork\" ><div class='avia_textblock'  itemprop=\"text\" ><p>Directly on the traditional Munich Viktualienmarkt, Bavarian cosiness meets Bavarian and international delicacies.<br \/>\nLet our experienced service team serve you the finest wines from Austria or enjoy the original Munich Augustiner beer on our sun terrace while you watch the hustle and bustle on the Viktualienmarkt.<\/p>\n<p>Your hosts Eva &amp; Werner Hochreiter are looking forward to your visit!<\/p>\n<\/div><\/section><\/p><\/div><div class='av-flex-placeholder'><\/div><div  class='flex_column av-kfk2ov-9961961420a9f49c75c75d9299d409a2 av_two_fifth  avia-builder-el-8  el_after_av_three_fifth  el_before_av_hr  flex_column_table_cell av-equal-height-column av-align-top  '     ><style type=\"text\/css\" data-created_by=\"avia_inline_auto\" id=\"style-css-av-m7xq17tt-f6395fa3075d1c1e335172a5ecd76d1e\">\n.avia-image-container.av-m7xq17tt-f6395fa3075d1c1e335172a5ecd76d1e img.avia_image{\nbox-shadow:none;\n}\n.avia-image-container.av-m7xq17tt-f6395fa3075d1c1e335172a5ecd76d1e .av-image-caption-overlay-center{\ncolor:#ffffff;\n}\n<\/style>\n<div  class='avia-image-container av-m7xq17tt-f6395fa3075d1c1e335172a5ecd76d1e av-styling- avia-align-center  avia-builder-el-9  avia-builder-el-no-sibling '   itemprop=\"image\" itemscope=\"itemscope\" itemtype=\"https:\/\/schema.org\/ImageObject\" ><div class=\"avia-image-container-inner\"><div class=\"avia-image-overlay-wrap\"><img decoding=\"async\" fetchpriority=\"high\" class='wp-image-2309 avia-img-lazy-loading-not-2309 avia_image ' src=\"https:\/\/steirerammarkt.de\/wp-content\/uploads\/schild.png\" alt='' title='56301384-0'  height=\"463\" width=\"570\"  itemprop=\"thumbnailUrl\"  \/><\/div><\/div><\/div><\/div><\/div><!--close column table wrapper. Autoclose: 1 -->\n<style type=\"text\/css\" data-created_by=\"avia_inline_auto\" id=\"style-css-av-jv9skf-7d3fa313dee1a1e145d24b1c947c6167\">\n#top .hr.hr-invisible.av-jv9skf-7d3fa313dee1a1e145d24b1c947c6167{\nheight:50px;\n}\n<\/style>\n<div  class='hr av-jv9skf-7d3fa313dee1a1e145d24b1c947c6167 hr-invisible  avia-builder-el-10  el_after_av_two_fifth  el_before_av_gallery '><span class='hr-inner '><span class=\"hr-inner-style\"><\/span><\/span><\/div>\n\n<style type=\"text\/css\" data-created_by=\"avia_inline_auto\" id=\"style-css-av-jtcwmn-7dab2049c2beff55b183b4f1822489b6\">\n#top .avia-gallery.av-jtcwmn-7dab2049c2beff55b183b4f1822489b6 .avia-gallery-thumb a{\nwidth:20%;\n}\n<\/style>\n<div  class='avia-gallery av-jtcwmn-7dab2049c2beff55b183b4f1822489b6 avia_animate_when_visible  avia-builder-el-11  el_after_av_hr  el_before_av_hr  avia_lazyload avia-gallery-animate avia-gallery-1'  itemprop=\"image\" itemscope=\"itemscope\" itemtype=\"https:\/\/schema.org\/ImageObject\" ><meta itemprop=\"contentURL\" content=\"https:\/\/steirerammarkt.de\/en\"><div class='avia-gallery-thumb'><a href=\"https:\/\/steirerammarkt.de\/wp-content\/uploads\/WeinMahlEins_006-1030x686.jpg\" data-srcset=\"https:\/\/steirerammarkt.de\/wp-content\/uploads\/WeinMahlEins_006-1030x686.jpg 1030w, https:\/\/steirerammarkt.de\/wp-content\/uploads\/WeinMahlEins_006-300x200.jpg 300w, https:\/\/steirerammarkt.de\/wp-content\/uploads\/WeinMahlEins_006-768x512.jpg 768w, https:\/\/steirerammarkt.de\/wp-content\/uploads\/WeinMahlEins_006-1536x1024.jpg 1536w, https:\/\/steirerammarkt.de\/wp-content\/uploads\/WeinMahlEins_006-1500x1000.jpg 1500w, https:\/\/steirerammarkt.de\/wp-content\/uploads\/WeinMahlEins_006-705x470.jpg 705w, https:\/\/steirerammarkt.de\/wp-content\/uploads\/WeinMahlEins_006.jpg 2048w\" data-sizes=\"(max-width: 1030px) 100vw, 1030px\" data-rel='gallery-1' data-prev-img='https:\/\/steirerammarkt.de\/wp-content\/uploads\/WeinMahlEins_006-495x400.jpg' class='first_thumb lightbox ' data-onclick='1' title=''  itemprop=\"thumbnailUrl\"  ><img decoding=\"async\" fetchpriority=\"high\" class=\"wp-image-2257 avia-img-lazy-loading-not-2257\"   src=\"https:\/\/steirerammarkt.de\/wp-content\/uploads\/WeinMahlEins_006-495x400.jpg\" width=\"495\" height=\"400\"  title='' alt='' srcset=\"https:\/\/steirerammarkt.de\/wp-content\/uploads\/WeinMahlEins_006-495x400.jpg 495w, https:\/\/steirerammarkt.de\/wp-content\/uploads\/WeinMahlEins_006-845x684.jpg 845w\" sizes=\"(max-width: 495px) 100vw, 495px\" \/><div class='big-prev-fake'><img decoding=\"async\" loading=\"lazy\" class=\"wp-image-2257 avia-img-lazy-loading-2257\"  width=\"495\" height=\"400\" src=\"https:\/\/steirerammarkt.de\/wp-content\/uploads\/WeinMahlEins_006-495x400.jpg\" title='' alt='' srcset=\"https:\/\/steirerammarkt.de\/wp-content\/uploads\/WeinMahlEins_006-495x400.jpg 495w, https:\/\/steirerammarkt.de\/wp-content\/uploads\/WeinMahlEins_006-845x684.jpg 845w\" sizes=\"auto, (max-width: 495px) 100vw, 495px\" \/><\/div><\/a><a href=\"https:\/\/steirerammarkt.de\/wp-content\/uploads\/WeinMahlEins_008-1030x686.jpg\" data-srcset=\"https:\/\/steirerammarkt.de\/wp-content\/uploads\/WeinMahlEins_008-1030x686.jpg 1030w, https:\/\/steirerammarkt.de\/wp-content\/uploads\/WeinMahlEins_008-300x200.jpg 300w, https:\/\/steirerammarkt.de\/wp-content\/uploads\/WeinMahlEins_008-768x512.jpg 768w, https:\/\/steirerammarkt.de\/wp-content\/uploads\/WeinMahlEins_008-1536x1024.jpg 1536w, https:\/\/steirerammarkt.de\/wp-content\/uploads\/WeinMahlEins_008-1500x1000.jpg 1500w, https:\/\/steirerammarkt.de\/wp-content\/uploads\/WeinMahlEins_008-705x470.jpg 705w, https:\/\/steirerammarkt.de\/wp-content\/uploads\/WeinMahlEins_008.jpg 2048w\" data-sizes=\"(max-width: 1030px) 100vw, 1030px\" data-rel='gallery-1' data-prev-img='https:\/\/steirerammarkt.de\/wp-content\/uploads\/WeinMahlEins_008-495x400.jpg' class='lightbox ' data-onclick='2' title=''  itemprop=\"thumbnailUrl\"  ><img decoding=\"async\" fetchpriority=\"high\" class=\"wp-image-2258 avia-img-lazy-loading-not-2258\"   src=\"https:\/\/steirerammarkt.de\/wp-content\/uploads\/WeinMahlEins_008-495x400.jpg\" width=\"495\" height=\"400\"  title='' alt='' srcset=\"https:\/\/steirerammarkt.de\/wp-content\/uploads\/WeinMahlEins_008-495x400.jpg 495w, https:\/\/steirerammarkt.de\/wp-content\/uploads\/WeinMahlEins_008-845x684.jpg 845w\" sizes=\"(max-width: 495px) 100vw, 495px\" \/><div class='big-prev-fake'><img decoding=\"async\" loading=\"lazy\" class=\"wp-image-2258 avia-img-lazy-loading-2258\"  width=\"495\" height=\"400\" src=\"https:\/\/steirerammarkt.de\/wp-content\/uploads\/WeinMahlEins_008-495x400.jpg\" title='' alt='' srcset=\"https:\/\/steirerammarkt.de\/wp-content\/uploads\/WeinMahlEins_008-495x400.jpg 495w, https:\/\/steirerammarkt.de\/wp-content\/uploads\/WeinMahlEins_008-845x684.jpg 845w\" sizes=\"auto, (max-width: 495px) 100vw, 495px\" \/><\/div><\/a><a href=\"https:\/\/steirerammarkt.de\/wp-content\/uploads\/WeinMahlEins_015-1030x686.jpg\" data-srcset=\"https:\/\/steirerammarkt.de\/wp-content\/uploads\/WeinMahlEins_015-1030x686.jpg 1030w, https:\/\/steirerammarkt.de\/wp-content\/uploads\/WeinMahlEins_015-300x200.jpg 300w, https:\/\/steirerammarkt.de\/wp-content\/uploads\/WeinMahlEins_015-768x512.jpg 768w, https:\/\/steirerammarkt.de\/wp-content\/uploads\/WeinMahlEins_015-1536x1024.jpg 1536w, https:\/\/steirerammarkt.de\/wp-content\/uploads\/WeinMahlEins_015-1500x1000.jpg 1500w, https:\/\/steirerammarkt.de\/wp-content\/uploads\/WeinMahlEins_015-705x470.jpg 705w, https:\/\/steirerammarkt.de\/wp-content\/uploads\/WeinMahlEins_015.jpg 2048w\" data-sizes=\"(max-width: 1030px) 100vw, 1030px\" data-rel='gallery-1' data-prev-img='https:\/\/steirerammarkt.de\/wp-content\/uploads\/WeinMahlEins_015-495x400.jpg' class='lightbox ' data-onclick='3' title=''  itemprop=\"thumbnailUrl\"  ><img decoding=\"async\" fetchpriority=\"high\" class=\"wp-image-2259 avia-img-lazy-loading-not-2259\"   src=\"https:\/\/steirerammarkt.de\/wp-content\/uploads\/WeinMahlEins_015-495x400.jpg\" width=\"495\" height=\"400\"  title='' alt='' srcset=\"https:\/\/steirerammarkt.de\/wp-content\/uploads\/WeinMahlEins_015-495x400.jpg 495w, https:\/\/steirerammarkt.de\/wp-content\/uploads\/WeinMahlEins_015-845x684.jpg 845w\" sizes=\"(max-width: 495px) 100vw, 495px\" \/><div class='big-prev-fake'><img decoding=\"async\" loading=\"lazy\" class=\"wp-image-2259 avia-img-lazy-loading-2259\"  width=\"495\" height=\"400\" src=\"https:\/\/steirerammarkt.de\/wp-content\/uploads\/WeinMahlEins_015-495x400.jpg\" title='' alt='' srcset=\"https:\/\/steirerammarkt.de\/wp-content\/uploads\/WeinMahlEins_015-495x400.jpg 495w, https:\/\/steirerammarkt.de\/wp-content\/uploads\/WeinMahlEins_015-845x684.jpg 845w\" sizes=\"auto, (max-width: 495px) 100vw, 495px\" \/><\/div><\/a><a href=\"https:\/\/steirerammarkt.de\/wp-content\/uploads\/WeinMahlEins_016-1030x686.jpg\" data-srcset=\"https:\/\/steirerammarkt.de\/wp-content\/uploads\/WeinMahlEins_016-1030x686.jpg 1030w, https:\/\/steirerammarkt.de\/wp-content\/uploads\/WeinMahlEins_016-300x200.jpg 300w, https:\/\/steirerammarkt.de\/wp-content\/uploads\/WeinMahlEins_016-768x512.jpg 768w, https:\/\/steirerammarkt.de\/wp-content\/uploads\/WeinMahlEins_016-1536x1024.jpg 1536w, https:\/\/steirerammarkt.de\/wp-content\/uploads\/WeinMahlEins_016-1500x1000.jpg 1500w, https:\/\/steirerammarkt.de\/wp-content\/uploads\/WeinMahlEins_016-705x470.jpg 705w, https:\/\/steirerammarkt.de\/wp-content\/uploads\/WeinMahlEins_016.jpg 2048w\" data-sizes=\"(max-width: 1030px) 100vw, 1030px\" data-rel='gallery-1' data-prev-img='https:\/\/steirerammarkt.de\/wp-content\/uploads\/WeinMahlEins_016-495x400.jpg' class='lightbox ' data-onclick='4' title=''  itemprop=\"thumbnailUrl\"  ><img decoding=\"async\" fetchpriority=\"high\" class=\"wp-image-2260 avia-img-lazy-loading-not-2260\"   src=\"https:\/\/steirerammarkt.de\/wp-content\/uploads\/WeinMahlEins_016-495x400.jpg\" width=\"495\" height=\"400\"  title='' alt='' srcset=\"https:\/\/steirerammarkt.de\/wp-content\/uploads\/WeinMahlEins_016-495x400.jpg 495w, https:\/\/steirerammarkt.de\/wp-content\/uploads\/WeinMahlEins_016-845x684.jpg 845w\" sizes=\"(max-width: 495px) 100vw, 495px\" \/><div class='big-prev-fake'><img decoding=\"async\" loading=\"lazy\" class=\"wp-image-2260 avia-img-lazy-loading-2260\"  width=\"495\" height=\"400\" src=\"https:\/\/steirerammarkt.de\/wp-content\/uploads\/WeinMahlEins_016-495x400.jpg\" title='' alt='' srcset=\"https:\/\/steirerammarkt.de\/wp-content\/uploads\/WeinMahlEins_016-495x400.jpg 495w, https:\/\/steirerammarkt.de\/wp-content\/uploads\/WeinMahlEins_016-845x684.jpg 845w\" sizes=\"auto, (max-width: 495px) 100vw, 495px\" \/><\/div><\/a><a href=\"https:\/\/steirerammarkt.de\/wp-content\/uploads\/WeinMahlEins_033-1030x686.jpg\" data-srcset=\"https:\/\/steirerammarkt.de\/wp-content\/uploads\/WeinMahlEins_033-1030x686.jpg 1030w, https:\/\/steirerammarkt.de\/wp-content\/uploads\/WeinMahlEins_033-300x200.jpg 300w, https:\/\/steirerammarkt.de\/wp-content\/uploads\/WeinMahlEins_033-768x512.jpg 768w, https:\/\/steirerammarkt.de\/wp-content\/uploads\/WeinMahlEins_033-1536x1024.jpg 1536w, https:\/\/steirerammarkt.de\/wp-content\/uploads\/WeinMahlEins_033-1500x1000.jpg 1500w, https:\/\/steirerammarkt.de\/wp-content\/uploads\/WeinMahlEins_033-705x470.jpg 705w, https:\/\/steirerammarkt.de\/wp-content\/uploads\/WeinMahlEins_033.jpg 2048w\" data-sizes=\"(max-width: 1030px) 100vw, 1030px\" data-rel='gallery-1' data-prev-img='https:\/\/steirerammarkt.de\/wp-content\/uploads\/WeinMahlEins_033-495x400.jpg' class='lightbox ' data-onclick='5' title=''  itemprop=\"thumbnailUrl\"  ><img decoding=\"async\" fetchpriority=\"high\" class=\"wp-image-2261 avia-img-lazy-loading-not-2261\"   src=\"https:\/\/steirerammarkt.de\/wp-content\/uploads\/WeinMahlEins_033-495x400.jpg\" width=\"495\" height=\"400\"  title='' alt='' srcset=\"https:\/\/steirerammarkt.de\/wp-content\/uploads\/WeinMahlEins_033-495x400.jpg 495w, https:\/\/steirerammarkt.de\/wp-content\/uploads\/WeinMahlEins_033-845x684.jpg 845w\" sizes=\"(max-width: 495px) 100vw, 495px\" \/><div class='big-prev-fake'><img decoding=\"async\" loading=\"lazy\" class=\"wp-image-2261 avia-img-lazy-loading-2261\"  width=\"495\" height=\"400\" src=\"https:\/\/steirerammarkt.de\/wp-content\/uploads\/WeinMahlEins_033-495x400.jpg\" title='' alt='' srcset=\"https:\/\/steirerammarkt.de\/wp-content\/uploads\/WeinMahlEins_033-495x400.jpg 495w, https:\/\/steirerammarkt.de\/wp-content\/uploads\/WeinMahlEins_033-845x684.jpg 845w\" sizes=\"auto, (max-width: 495px) 100vw, 495px\" \/><\/div><\/a><a href=\"https:\/\/steirerammarkt.de\/wp-content\/uploads\/WeinMahlEins_039-1030x686.jpg\" data-srcset=\"https:\/\/steirerammarkt.de\/wp-content\/uploads\/WeinMahlEins_039-1030x686.jpg 1030w, https:\/\/steirerammarkt.de\/wp-content\/uploads\/WeinMahlEins_039-300x200.jpg 300w, https:\/\/steirerammarkt.de\/wp-content\/uploads\/WeinMahlEins_039-768x512.jpg 768w, https:\/\/steirerammarkt.de\/wp-content\/uploads\/WeinMahlEins_039-1536x1024.jpg 1536w, https:\/\/steirerammarkt.de\/wp-content\/uploads\/WeinMahlEins_039-1500x1000.jpg 1500w, https:\/\/steirerammarkt.de\/wp-content\/uploads\/WeinMahlEins_039-705x470.jpg 705w, https:\/\/steirerammarkt.de\/wp-content\/uploads\/WeinMahlEins_039.jpg 2048w\" data-sizes=\"(max-width: 1030px) 100vw, 1030px\" data-rel='gallery-1' data-prev-img='https:\/\/steirerammarkt.de\/wp-content\/uploads\/WeinMahlEins_039-495x400.jpg' class='first_thumb lightbox ' data-onclick='6' title=''  itemprop=\"thumbnailUrl\"  ><img decoding=\"async\" fetchpriority=\"high\" class=\"wp-image-2262 avia-img-lazy-loading-not-2262\"   src=\"https:\/\/steirerammarkt.de\/wp-content\/uploads\/WeinMahlEins_039-495x400.jpg\" width=\"495\" height=\"400\"  title='' alt='' srcset=\"https:\/\/steirerammarkt.de\/wp-content\/uploads\/WeinMahlEins_039-495x400.jpg 495w, https:\/\/steirerammarkt.de\/wp-content\/uploads\/WeinMahlEins_039-845x684.jpg 845w\" sizes=\"(max-width: 495px) 100vw, 495px\" \/><div class='big-prev-fake'><img decoding=\"async\" loading=\"lazy\" class=\"wp-image-2262 avia-img-lazy-loading-2262\"  width=\"495\" height=\"400\" src=\"https:\/\/steirerammarkt.de\/wp-content\/uploads\/WeinMahlEins_039-495x400.jpg\" title='' alt='' srcset=\"https:\/\/steirerammarkt.de\/wp-content\/uploads\/WeinMahlEins_039-495x400.jpg 495w, https:\/\/steirerammarkt.de\/wp-content\/uploads\/WeinMahlEins_039-845x684.jpg 845w\" sizes=\"auto, (max-width: 495px) 100vw, 495px\" \/><\/div><\/a><a href=\"https:\/\/steirerammarkt.de\/wp-content\/uploads\/WeinMahlEins_072-1030x686.jpg\" data-srcset=\"https:\/\/steirerammarkt.de\/wp-content\/uploads\/WeinMahlEins_072-1030x686.jpg 1030w, https:\/\/steirerammarkt.de\/wp-content\/uploads\/WeinMahlEins_072-300x200.jpg 300w, https:\/\/steirerammarkt.de\/wp-content\/uploads\/WeinMahlEins_072-768x512.jpg 768w, https:\/\/steirerammarkt.de\/wp-content\/uploads\/WeinMahlEins_072-1536x1024.jpg 1536w, https:\/\/steirerammarkt.de\/wp-content\/uploads\/WeinMahlEins_072-1500x1000.jpg 1500w, https:\/\/steirerammarkt.de\/wp-content\/uploads\/WeinMahlEins_072-705x470.jpg 705w, https:\/\/steirerammarkt.de\/wp-content\/uploads\/WeinMahlEins_072.jpg 2048w\" data-sizes=\"(max-width: 1030px) 100vw, 1030px\" data-rel='gallery-1' data-prev-img='https:\/\/steirerammarkt.de\/wp-content\/uploads\/WeinMahlEins_072-495x400.jpg' class='lightbox ' data-onclick='7' title=''  itemprop=\"thumbnailUrl\"  ><img decoding=\"async\" fetchpriority=\"high\" class=\"wp-image-2263 avia-img-lazy-loading-not-2263\"   src=\"https:\/\/steirerammarkt.de\/wp-content\/uploads\/WeinMahlEins_072-495x400.jpg\" width=\"495\" height=\"400\"  title='' alt='' srcset=\"https:\/\/steirerammarkt.de\/wp-content\/uploads\/WeinMahlEins_072-495x400.jpg 495w, https:\/\/steirerammarkt.de\/wp-content\/uploads\/WeinMahlEins_072-845x684.jpg 845w\" sizes=\"(max-width: 495px) 100vw, 495px\" \/><div class='big-prev-fake'><img decoding=\"async\" loading=\"lazy\" class=\"wp-image-2263 avia-img-lazy-loading-2263\"  width=\"495\" height=\"400\" src=\"https:\/\/steirerammarkt.de\/wp-content\/uploads\/WeinMahlEins_072-495x400.jpg\" title='' alt='' srcset=\"https:\/\/steirerammarkt.de\/wp-content\/uploads\/WeinMahlEins_072-495x400.jpg 495w, https:\/\/steirerammarkt.de\/wp-content\/uploads\/WeinMahlEins_072-845x684.jpg 845w\" sizes=\"auto, (max-width: 495px) 100vw, 495px\" \/><\/div><\/a><a href=\"https:\/\/steirerammarkt.de\/wp-content\/uploads\/WeinMahlEins_073-1030x686.jpg\" data-srcset=\"https:\/\/steirerammarkt.de\/wp-content\/uploads\/WeinMahlEins_073-1030x686.jpg 1030w, https:\/\/steirerammarkt.de\/wp-content\/uploads\/WeinMahlEins_073-300x200.jpg 300w, https:\/\/steirerammarkt.de\/wp-content\/uploads\/WeinMahlEins_073-768x512.jpg 768w, https:\/\/steirerammarkt.de\/wp-content\/uploads\/WeinMahlEins_073-1536x1024.jpg 1536w, https:\/\/steirerammarkt.de\/wp-content\/uploads\/WeinMahlEins_073-1500x1000.jpg 1500w, https:\/\/steirerammarkt.de\/wp-content\/uploads\/WeinMahlEins_073-705x470.jpg 705w, https:\/\/steirerammarkt.de\/wp-content\/uploads\/WeinMahlEins_073.jpg 2048w\" data-sizes=\"(max-width: 1030px) 100vw, 1030px\" data-rel='gallery-1' data-prev-img='https:\/\/steirerammarkt.de\/wp-content\/uploads\/WeinMahlEins_073-495x400.jpg' class='lightbox ' data-onclick='8' title=''  itemprop=\"thumbnailUrl\"  ><img decoding=\"async\" fetchpriority=\"high\" class=\"wp-image-2264 avia-img-lazy-loading-not-2264\"   src=\"https:\/\/steirerammarkt.de\/wp-content\/uploads\/WeinMahlEins_073-495x400.jpg\" width=\"495\" height=\"400\"  title='' alt='' srcset=\"https:\/\/steirerammarkt.de\/wp-content\/uploads\/WeinMahlEins_073-495x400.jpg 495w, https:\/\/steirerammarkt.de\/wp-content\/uploads\/WeinMahlEins_073-845x684.jpg 845w\" sizes=\"(max-width: 495px) 100vw, 495px\" \/><div class='big-prev-fake'><img decoding=\"async\" loading=\"lazy\" class=\"wp-image-2264 avia-img-lazy-loading-2264\"  width=\"495\" height=\"400\" src=\"https:\/\/steirerammarkt.de\/wp-content\/uploads\/WeinMahlEins_073-495x400.jpg\" title='' alt='' srcset=\"https:\/\/steirerammarkt.de\/wp-content\/uploads\/WeinMahlEins_073-495x400.jpg 495w, https:\/\/steirerammarkt.de\/wp-content\/uploads\/WeinMahlEins_073-845x684.jpg 845w\" sizes=\"auto, (max-width: 495px) 100vw, 495px\" \/><\/div><\/a><a href=\"https:\/\/steirerammarkt.de\/wp-content\/uploads\/WeinMahlEins_105-1030x686.jpg\" data-srcset=\"https:\/\/steirerammarkt.de\/wp-content\/uploads\/WeinMahlEins_105-1030x686.jpg 1030w, https:\/\/steirerammarkt.de\/wp-content\/uploads\/WeinMahlEins_105-300x200.jpg 300w, https:\/\/steirerammarkt.de\/wp-content\/uploads\/WeinMahlEins_105-768x512.jpg 768w, https:\/\/steirerammarkt.de\/wp-content\/uploads\/WeinMahlEins_105-1536x1024.jpg 1536w, https:\/\/steirerammarkt.de\/wp-content\/uploads\/WeinMahlEins_105-1500x1000.jpg 1500w, https:\/\/steirerammarkt.de\/wp-content\/uploads\/WeinMahlEins_105-705x470.jpg 705w, https:\/\/steirerammarkt.de\/wp-content\/uploads\/WeinMahlEins_105.jpg 2048w\" data-sizes=\"(max-width: 1030px) 100vw, 1030px\" data-rel='gallery-1' data-prev-img='https:\/\/steirerammarkt.de\/wp-content\/uploads\/WeinMahlEins_105-495x400.jpg' class='lightbox ' data-onclick='9' title=''  itemprop=\"thumbnailUrl\"  ><img decoding=\"async\" fetchpriority=\"high\" class=\"wp-image-2265 avia-img-lazy-loading-not-2265\"   src=\"https:\/\/steirerammarkt.de\/wp-content\/uploads\/WeinMahlEins_105-495x400.jpg\" width=\"495\" height=\"400\"  title='' alt='' srcset=\"https:\/\/steirerammarkt.de\/wp-content\/uploads\/WeinMahlEins_105-495x400.jpg 495w, https:\/\/steirerammarkt.de\/wp-content\/uploads\/WeinMahlEins_105-845x684.jpg 845w\" sizes=\"(max-width: 495px) 100vw, 495px\" \/><div class='big-prev-fake'><img decoding=\"async\" loading=\"lazy\" class=\"wp-image-2265 avia-img-lazy-loading-2265\"  width=\"495\" height=\"400\" src=\"https:\/\/steirerammarkt.de\/wp-content\/uploads\/WeinMahlEins_105-495x400.jpg\" title='' alt='' srcset=\"https:\/\/steirerammarkt.de\/wp-content\/uploads\/WeinMahlEins_105-495x400.jpg 495w, https:\/\/steirerammarkt.de\/wp-content\/uploads\/WeinMahlEins_105-845x684.jpg 845w\" sizes=\"auto, (max-width: 495px) 100vw, 495px\" \/><\/div><\/a><a href=\"https:\/\/steirerammarkt.de\/wp-content\/uploads\/56301385.webp\" data-srcset=\"https:\/\/steirerammarkt.de\/wp-content\/uploads\/56301385.webp 752w, https:\/\/steirerammarkt.de\/wp-content\/uploads\/56301385-300x300.webp 300w, https:\/\/steirerammarkt.de\/wp-content\/uploads\/56301385-80x80.webp 80w, https:\/\/steirerammarkt.de\/wp-content\/uploads\/56301385-36x36.webp 36w, https:\/\/steirerammarkt.de\/wp-content\/uploads\/56301385-180x180.webp 180w, https:\/\/steirerammarkt.de\/wp-content\/uploads\/56301385-705x705.webp 705w\" data-sizes=\"(max-width: 752px) 100vw, 752px\" data-rel='gallery-1' data-prev-img='https:\/\/steirerammarkt.de\/wp-content\/uploads\/56301385-495x400.webp' class='lightbox ' data-onclick='10' title=''  itemprop=\"thumbnailUrl\"  ><img decoding=\"async\" fetchpriority=\"high\" class=\"wp-image-2267 avia-img-lazy-loading-not-2267\"   src=\"https:\/\/steirerammarkt.de\/wp-content\/uploads\/56301385-495x400.webp\" width=\"495\" height=\"400\"  title='' alt='' \/><div class='big-prev-fake'><img decoding=\"async\" loading=\"lazy\" class=\"wp-image-2267 avia-img-lazy-loading-2267\"  width=\"495\" height=\"400\" src=\"https:\/\/steirerammarkt.de\/wp-content\/uploads\/56301385-495x400.webp\" title='' alt='' \/><\/div><\/a><\/div><\/div>\n\n<style type=\"text\/css\" data-created_by=\"avia_inline_auto\" id=\"style-css-av-jltwgf-76417e33b400d3908d75767e9e6acc8b\">\n#top .hr.hr-invisible.av-jltwgf-76417e33b400d3908d75767e9e6acc8b{\nheight:50px;\n}\n<\/style>\n<div  class='hr av-jltwgf-76417e33b400d3908d75767e9e6acc8b hr-invisible  avia-builder-el-12  el_after_av_gallery  avia-builder-el-last '><span class='hr-inner '><span class=\"hr-inner-style\"><\/span><\/span><\/div>\n<\/div><\/div><\/div><!-- close content main div --><\/div><\/div>\n<style type=\"text\/css\" data-created_by=\"avia_inline_auto\" id=\"style-css-av-4a0kg7-328d29074d0e62fd6f9bca43df437730\">\n.avia-section.av-4a0kg7-328d29074d0e62fd6f9bca43df437730{\nbackground-repeat:no-repeat;\nbackground-image:url(https:\/\/steirerammarkt.de\/wp-content\/uploads\/haus_hg-1.png);\nbackground-position:50% 100%;\nbackground-attachment:scroll;\n}\n<\/style>\n<div id='av_section_3'  class='avia-section av-4a0kg7-328d29074d0e62fd6f9bca43df437730 main_color avia-section-large avia-no-border-styling  avia-builder-el-13  el_after_av_section  el_before_av_heading  avia-full-stretch avia-bg-style-scroll av-minimum-height av-minimum-height-50 av-height-50  container_wrap sidebar_right'  data-section-bg-repeat='stretch' data-av_minimum_height_pc='50' data-av_min_height_opt='50'><div class='container av-section-cont-open' ><div class='template-page content  av-content-small alpha units'><div class='post-entry post-entry-type-page post-entry-2277'><div class='entry-content-wrapper clearfix'><\/div><\/div><\/div><!-- close content main div --><\/div><\/div><div id='after_section_3'  class='main_color av_default_container_wrap container_wrap sidebar_right'  ><div class='container av-section-cont-open' ><div class='template-page content  av-content-small alpha units'><div class='post-entry post-entry-type-page post-entry-2277'><div class='entry-content-wrapper clearfix'><\/p>\n\n<style type=\"text\/css\" data-created_by=\"avia_inline_auto\" id=\"style-css-av-eppq7-dd321972b3948ed64854571db2452008\">\n#top .av-special-heading.av-eppq7-dd321972b3948ed64854571db2452008{\npadding-bottom:0;\ncolor:#ffffff;\nfont-size:60px;\n}\nbody .av-special-heading.av-eppq7-dd321972b3948ed64854571db2452008 .av-special-heading-tag .heading-char{\nfont-size:25px;\n}\n#top #wrap_all .av-special-heading.av-eppq7-dd321972b3948ed64854571db2452008 .av-special-heading-tag{\nfont-size:60px;\n}\n.av-special-heading.av-eppq7-dd321972b3948ed64854571db2452008 .special-heading-inner-border{\nborder-color:#ffffff;\n}\n.av-special-heading.av-eppq7-dd321972b3948ed64854571db2452008 .av-subheading{\nfont-size:15px;\n}\n\n@media only screen and (min-width: 480px) and (max-width: 767px){ \n#top #wrap_all .av-special-heading.av-eppq7-dd321972b3948ed64854571db2452008 .av-special-heading-tag{\nfont-size:0.8em;\n}\n}\n\n@media only screen and (max-width: 479px){ \n#top #wrap_all .av-special-heading.av-eppq7-dd321972b3948ed64854571db2452008 .av-special-heading-tag{\nfont-size:0.8em;\n}\n}\n<\/style>\n<div  class='av-special-heading av-eppq7-dd321972b3948ed64854571db2452008 av-special-heading-h2 custom-color-heading blockquote modern-quote modern-centered  avia-builder-el-14  el_after_av_section  el_before_av_section  avia-builder-el-no-sibling  av-inherit-size'><h2 class='av-special-heading-tag'  itemprop=\"headline\"  >Reservation<\/h2><div class=\"special-heading-border\"><div class=\"special-heading-inner-border\"><\/div><\/div><\/div>\n<\/div><\/div><\/div><!-- close content main div --><\/div><\/div><div id='reservierung'  class='avia-section av-3x5sq7-9e457d7e1162ac5a1ef8f67229e678b9 main_color avia-section-large avia-no-border-styling  avia-builder-el-15  el_after_av_heading  avia-builder-el-last  avia-bg-style-scroll container_wrap sidebar_right'  ><div class='container av-section-cont-open' ><div class='template-page content  av-content-small alpha units'><div class='post-entry post-entry-type-page post-entry-2277'><div class='entry-content-wrapper clearfix'>\n<div  class='flex_column av-3pdn2v-ac198fa424feda48632f5d75dc1ff095 av_one_half  avia-builder-el-16  el_before_av_one_half  avia-builder-el-first  first flex_column_div  '     ><p>\n<style type=\"text\/css\" data-created_by=\"avia_inline_auto\" id=\"style-css-av-3i6g27-fbc6fb92065e2f954735add606d843f8\">\n#top .av-special-heading.av-3i6g27-fbc6fb92065e2f954735add606d843f8{\npadding-bottom:0;\n}\nbody .av-special-heading.av-3i6g27-fbc6fb92065e2f954735add606d843f8 .av-special-heading-tag .heading-char{\nfont-size:25px;\n}\n.av-special-heading.av-3i6g27-fbc6fb92065e2f954735add606d843f8 .av-subheading{\nfont-size:15px;\n}\n<\/style>\n<div  class='av-special-heading av-3i6g27-fbc6fb92065e2f954735add606d843f8 av-special-heading-h2 blockquote modern-quote  avia-builder-el-17  el_before_av_hr  avia-builder-el-first  av-thin-font'><h2 class='av-special-heading-tag'  itemprop=\"headline\"  >Choose your table <span class='special_amp'>&amp;<\/span> <strong>book online<\/strong><\/h2><div class='av-subheading av-subheading_below'><p>You will receive a prompt confirmation by e-mail<\/p>\n<\/div><div class=\"special-heading-border\"><div class=\"special-heading-inner-border\"><\/div><\/div><\/div><br \/>\n\n<style type=\"text\/css\" data-created_by=\"avia_inline_auto\" id=\"style-css-av-av_hr-544b1b051222fe3def125fdd97343cf4\">\n#top .hr.hr-invisible.av-av_hr-544b1b051222fe3def125fdd97343cf4{\nheight:50px;\n}\n<\/style>\n<div  class='hr av-av_hr-544b1b051222fe3def125fdd97343cf4 hr-invisible  avia-builder-el-18  el_after_av_heading  el_before_av_codeblock '><span class='hr-inner '><span class=\"hr-inner-style\"><\/span><\/span><\/div><br \/>\n<\/p><\/div><div  class='flex_column av-1qq2en-f6b18e63a242801be1ce61d7aaa3ef82 av_one_half  avia-builder-el-20  el_after_av_one_half  avia-builder-el-last  flex_column_div  '     ><p>\n<style type=\"text\/css\" data-created_by=\"avia_inline_auto\" id=\"style-css-av-2359xz-becabbedd65f0862c4c815360b7b8d19\">\n#top .av-special-heading.av-2359xz-becabbedd65f0862c4c815360b7b8d19{\npadding-bottom:0;\n}\nbody .av-special-heading.av-2359xz-becabbedd65f0862c4c815360b7b8d19 .av-special-heading-tag .heading-char{\nfont-size:25px;\n}\n.av-special-heading.av-2359xz-becabbedd65f0862c4c815360b7b8d19 .av-subheading{\nfont-size:15px;\n}\n<\/style>\n<div  class='av-special-heading av-2359xz-becabbedd65f0862c4c815360b7b8d19 av-special-heading-h2 blockquote modern-quote  avia-builder-el-21  el_before_av_textblock  avia-builder-el-first  av-thin-font'><h2 class='av-special-heading-tag'  itemprop=\"headline\"  >Reservation <strong>by telephone<\/strong> <\/h2><div class=\"special-heading-border\"><div class=\"special-heading-inner-border\"><\/div><\/div><\/div><br \/>\n<section  class='av_textblock_section av-1v16if-d1c5104152b8f5666dd639fafe24c854 '   itemscope=\"itemscope\" itemtype=\"https:\/\/schema.org\/CreativeWork\" ><div class='avia_textblock'  itemprop=\"text\" ><p>Phone: <a href=\"tel:+4989255491510\">+49 89 25549 1510<\/a><\/p>\n<p><strong>Opening hours:<\/strong><\/p>\n<p>Mon.-Fri. 12.00 &#8211; 00.00<br \/>\nSat. 11.00 &#8211; 00.00<br \/>\nSun. closed<\/p>\n<\/div><\/section><\/p><\/div>\n<\/div><\/div><\/div><!-- close content main div --><\/div><\/div><div id='after_section_4'  class='main_color av_default_container_wrap container_wrap sidebar_right'  ><div class='container av-section-cont-open' ><div class='template-page content  av-content-small alpha units'><div class='post-entry post-entry-type-page post-entry-2277'><div class='entry-content-wrapper clearfix'>\n","protected":false},"excerpt":{"rendered":"","protected":false},"author":1,"featured_media":0,"parent":0,"menu_order":0,"comment_status":"closed","ping_status":"closed","template":"","meta":{"footnotes":""},"class_list":["post-2277","page","type-page","status-publish","hentry"],"yoast_head":"<!-- This site is optimized with the Yoast SEO plugin v27.5 - https:\/\/yoast.com\/product\/yoast-seo-wordpress\/ -->\n<title>Home - Hochreiter\u00b4s<\/title>\n<meta name=\"description\" content=\"Direkt auf dem traditionsreichen M\u00fcnchner Viktualienmarkt trifft bayerische Gem\u00fctlichkeit auf bayerische und internationale Schmankerl. Lassen Sie sich von unserem erfahrenen Service-Team mit erlesensten Weinen aus \u00d6sterreich oder genie\u00dfen Sie das M\u00fcnchner Original Augustiner Bier auf unserer Sonnenterrasse, w\u00e4hrend Sie das bunte Treiben auf dem Viktualienmarkt beobachten. Ihre Gastgeber Eva &amp; Werner Hochreiter freuen sich auf Ihren Besuch!\" \/>\n<meta name=\"robots\" content=\"index, follow, max-snippet:-1, max-image-preview:large, max-video-preview:-1\" \/>\n<link rel=\"canonical\" href=\"https:\/\/steirerammarkt.de\/en\" \/>\n<meta property=\"og:locale\" content=\"en_US\" \/>\n<meta property=\"og:type\" content=\"article\" \/>\n<meta property=\"og:title\" content=\"Home - Hochreiter\u00b4s\" \/>\n<meta property=\"og:description\" content=\"Direkt auf dem traditionsreichen M\u00fcnchner Viktualienmarkt trifft bayerische Gem\u00fctlichkeit auf bayerische und internationale Schmankerl. Lassen Sie sich von unserem erfahrenen Service-Team mit erlesensten Weinen aus \u00d6sterreich oder genie\u00dfen Sie das M\u00fcnchner Original Augustiner Bier auf unserer Sonnenterrasse, w\u00e4hrend Sie das bunte Treiben auf dem Viktualienmarkt beobachten. Ihre Gastgeber Eva &amp; Werner Hochreiter freuen sich auf Ihren Besuch!\" \/>\n<meta property=\"og:url\" content=\"https:\/\/steirerammarkt.de\/en\" \/>\n<meta property=\"og:site_name\" content=\"Hochreiter\u00b4s\" \/>\n<meta property=\"article:modified_time\" content=\"2025-05-05T15:34:54+00:00\" \/>\n<meta name=\"twitter:card\" content=\"summary_large_image\" \/>\n<meta name=\"twitter:label1\" content=\"Est. reading time\" \/>\n\t<meta name=\"twitter:data1\" content=\"5 minutes\" \/>\n<script type=\"application\/ld+json\" class=\"yoast-schema-graph\">{\"@context\":\"https:\\\/\\\/schema.org\",\"@graph\":[{\"@type\":\"WebPage\",\"@id\":\"https:\\\/\\\/steirerammarkt.de\\\/en\",\"url\":\"https:\\\/\\\/steirerammarkt.de\\\/en\",\"name\":\"Home - Hochreiter\u00b4s\",\"isPartOf\":{\"@id\":\"https:\\\/\\\/steirerammarkt.de\\\/#website\"},\"datePublished\":\"2014-07-21T15:59:54+00:00\",\"dateModified\":\"2025-05-05T15:34:54+00:00\",\"description\":\"Direkt auf dem traditionsreichen M\u00fcnchner Viktualienmarkt trifft bayerische Gem\u00fctlichkeit auf bayerische und internationale Schmankerl. Lassen Sie sich von unserem erfahrenen Service-Team mit erlesensten Weinen aus \u00d6sterreich oder genie\u00dfen Sie das M\u00fcnchner Original Augustiner Bier auf unserer Sonnenterrasse, w\u00e4hrend Sie das bunte Treiben auf dem Viktualienmarkt beobachten. Ihre Gastgeber Eva & Werner Hochreiter freuen sich auf Ihren Besuch!\",\"breadcrumb\":{\"@id\":\"https:\\\/\\\/steirerammarkt.de\\\/en#breadcrumb\"},\"inLanguage\":\"en-US\",\"potentialAction\":[{\"@type\":\"ReadAction\",\"target\":[\"https:\\\/\\\/steirerammarkt.de\\\/en\"]}]},{\"@type\":\"BreadcrumbList\",\"@id\":\"https:\\\/\\\/steirerammarkt.de\\\/en#breadcrumb\",\"itemListElement\":[{\"@type\":\"ListItem\",\"position\":1,\"name\":\"Startseite\",\"item\":\"https:\\\/\\\/steirerammarkt.de\\\/en\"},{\"@type\":\"ListItem\",\"position\":2,\"name\":\"Home\"}]},{\"@type\":\"WebSite\",\"@id\":\"https:\\\/\\\/steirerammarkt.de\\\/#website\",\"url\":\"https:\\\/\\\/steirerammarkt.de\\\/\",\"name\":\"Hochreiter\u00b4s Steirer am Markt\",\"description\":\"am Markt\",\"publisher\":{\"@id\":\"https:\\\/\\\/steirerammarkt.de\\\/#organization\"},\"potentialAction\":[{\"@type\":\"SearchAction\",\"target\":{\"@type\":\"EntryPoint\",\"urlTemplate\":\"https:\\\/\\\/steirerammarkt.de\\\/?s={search_term_string}\"},\"query-input\":{\"@type\":\"PropertyValueSpecification\",\"valueRequired\":true,\"valueName\":\"search_term_string\"}}],\"inLanguage\":\"en-US\"},{\"@type\":\"Organization\",\"@id\":\"https:\\\/\\\/steirerammarkt.de\\\/#organization\",\"name\":\"Hochreiter\u00b4s am Markt\",\"url\":\"https:\\\/\\\/steirerammarkt.de\\\/\",\"logo\":{\"@type\":\"ImageObject\",\"inLanguage\":\"en-US\",\"@id\":\"https:\\\/\\\/steirerammarkt.de\\\/#\\\/schema\\\/logo\\\/image\\\/\",\"url\":\"https:\\\/\\\/steirerammarkt.de\\\/wp-content\\\/uploads\\\/logo.png\",\"contentUrl\":\"https:\\\/\\\/steirerammarkt.de\\\/wp-content\\\/uploads\\\/logo.png\",\"width\":456,\"height\":157,\"caption\":\"Hochreiter\u00b4s am Markt\"},\"image\":{\"@id\":\"https:\\\/\\\/steirerammarkt.de\\\/#\\\/schema\\\/logo\\\/image\\\/\"}}]}<\/script>\n<!-- \/ Yoast SEO plugin. -->","yoast_head_json":{"title":"Home - Hochreiter\u00b4s","description":"Direkt auf dem traditionsreichen M\u00fcnchner Viktualienmarkt trifft bayerische Gem\u00fctlichkeit auf bayerische und internationale Schmankerl. Lassen Sie sich von unserem erfahrenen Service-Team mit erlesensten Weinen aus \u00d6sterreich oder genie\u00dfen Sie das M\u00fcnchner Original Augustiner Bier auf unserer Sonnenterrasse, w\u00e4hrend Sie das bunte Treiben auf dem Viktualienmarkt beobachten. Ihre Gastgeber Eva & Werner Hochreiter freuen sich auf Ihren Besuch!","robots":{"index":"index","follow":"follow","max-snippet":"max-snippet:-1","max-image-preview":"max-image-preview:large","max-video-preview":"max-video-preview:-1"},"canonical":"https:\/\/steirerammarkt.de\/en","og_locale":"en_US","og_type":"article","og_title":"Home - Hochreiter\u00b4s","og_description":"Direkt auf dem traditionsreichen M\u00fcnchner Viktualienmarkt trifft bayerische Gem\u00fctlichkeit auf bayerische und internationale Schmankerl. Lassen Sie sich von unserem erfahrenen Service-Team mit erlesensten Weinen aus \u00d6sterreich oder genie\u00dfen Sie das M\u00fcnchner Original Augustiner Bier auf unserer Sonnenterrasse, w\u00e4hrend Sie das bunte Treiben auf dem Viktualienmarkt beobachten. Ihre Gastgeber Eva & Werner Hochreiter freuen sich auf Ihren Besuch!","og_url":"https:\/\/steirerammarkt.de\/en","og_site_name":"Hochreiter\u00b4s","article_modified_time":"2025-05-05T15:34:54+00:00","twitter_card":"summary_large_image","twitter_misc":{"Est. reading time":"5 minutes"},"schema":{"@context":"https:\/\/schema.org","@graph":[{"@type":"WebPage","@id":"https:\/\/steirerammarkt.de\/en","url":"https:\/\/steirerammarkt.de\/en","name":"Home - Hochreiter\u00b4s","isPartOf":{"@id":"https:\/\/steirerammarkt.de\/#website"},"datePublished":"2014-07-21T15:59:54+00:00","dateModified":"2025-05-05T15:34:54+00:00","description":"Direkt auf dem traditionsreichen M\u00fcnchner Viktualienmarkt trifft bayerische Gem\u00fctlichkeit auf bayerische und internationale Schmankerl. Lassen Sie sich von unserem erfahrenen Service-Team mit erlesensten Weinen aus \u00d6sterreich oder genie\u00dfen Sie das M\u00fcnchner Original Augustiner Bier auf unserer Sonnenterrasse, w\u00e4hrend Sie das bunte Treiben auf dem Viktualienmarkt beobachten. Ihre Gastgeber Eva & Werner Hochreiter freuen sich auf Ihren Besuch!","breadcrumb":{"@id":"https:\/\/steirerammarkt.de\/en#breadcrumb"},"inLanguage":"en-US","potentialAction":[{"@type":"ReadAction","target":["https:\/\/steirerammarkt.de\/en"]}]},{"@type":"BreadcrumbList","@id":"https:\/\/steirerammarkt.de\/en#breadcrumb","itemListElement":[{"@type":"ListItem","position":1,"name":"Startseite","item":"https:\/\/steirerammarkt.de\/en"},{"@type":"ListItem","position":2,"name":"Home"}]},{"@type":"WebSite","@id":"https:\/\/steirerammarkt.de\/#website","url":"https:\/\/steirerammarkt.de\/","name":"Hochreiter\u00b4s Steirer am Markt","description":"am Markt","publisher":{"@id":"https:\/\/steirerammarkt.de\/#organization"},"potentialAction":[{"@type":"SearchAction","target":{"@type":"EntryPoint","urlTemplate":"https:\/\/steirerammarkt.de\/?s={search_term_string}"},"query-input":{"@type":"PropertyValueSpecification","valueRequired":true,"valueName":"search_term_string"}}],"inLanguage":"en-US"},{"@type":"Organization","@id":"https:\/\/steirerammarkt.de\/#organization","name":"Hochreiter\u00b4s am Markt","url":"https:\/\/steirerammarkt.de\/","logo":{"@type":"ImageObject","inLanguage":"en-US","@id":"https:\/\/steirerammarkt.de\/#\/schema\/logo\/image\/","url":"https:\/\/steirerammarkt.de\/wp-content\/uploads\/logo.png","contentUrl":"https:\/\/steirerammarkt.de\/wp-content\/uploads\/logo.png","width":456,"height":157,"caption":"Hochreiter\u00b4s am Markt"},"image":{"@id":"https:\/\/steirerammarkt.de\/#\/schema\/logo\/image\/"}}]}},"_links":{"self":[{"href":"https:\/\/steirerammarkt.de\/en\/wp-json\/wp\/v2\/pages\/2277","targetHints":{"allow":["GET"]}}],"collection":[{"href":"https:\/\/steirerammarkt.de\/en\/wp-json\/wp\/v2\/pages"}],"about":[{"href":"https:\/\/steirerammarkt.de\/en\/wp-json\/wp\/v2\/types\/page"}],"author":[{"embeddable":true,"href":"https:\/\/steirerammarkt.de\/en\/wp-json\/wp\/v2\/users\/1"}],"replies":[{"embeddable":true,"href":"https:\/\/steirerammarkt.de\/en\/wp-json\/wp\/v2\/comments?post=2277"}],"version-history":[{"count":0,"href":"https:\/\/steirerammarkt.de\/en\/wp-json\/wp\/v2\/pages\/2277\/revisions"}],"wp:attachment":[{"href":"https:\/\/steirerammarkt.de\/en\/wp-json\/wp\/v2\/media?parent=2277"}],"curies":[{"name":"wp","href":"https:\/\/api.w.org\/{rel}","templated":true}]}}